{"id":3,"date":"2020-06-23T09:10:07","date_gmt":"2020-06-23T07:10:07","guid":{"rendered":"http:\/\/hoergalerie-am-markt.de\/?page_id=3"},"modified":"2026-02-10T16:47:09","modified_gmt":"2026-02-10T15:47:09","slug":"datenschutzerklaerung","status":"publish","type":"page","link":"https:\/\/hoergalerie-am-markt.de\/?page_id=3","title":{"rendered":"Datenschutzerkl\u00e4rung"},"content":{"rendered":"<p>[et_pb_section fb_built=&#8220;1&#8243; _builder_version=&#8220;4.16&#8243; global_colors_info=&#8220;{}&#8220;][et_pb_row _builder_version=&#8220;4.16&#8243; background_size=&#8220;initial&#8220; background_position=&#8220;top_left&#8220; background_repeat=&#8220;repeat&#8220; global_colors_info=&#8220;{}&#8220;][et_pb_column type=&#8220;4_4&#8243; _builder_version=&#8220;4.16&#8243; _module_preset=&#8220;default&#8220; global_colors_info=&#8220;{}&#8220;][et_pb_button button_url=&#8220;https:\/\/hoergalerie-am-markt.de&#8220; button_text=&#8220;Zur Startseite&#8220; _builder_version=&#8220;4.16&#8243; _module_preset=&#8220;default&#8220; custom_button=&#8220;on&#8220; button_border_width=&#8220;0px&#8220; global_colors_info=&#8220;{}&#8220;][\/et_pb_button][\/et_pb_column][\/et_pb_row][et_pb_row _builder_version=&#8220;4.16&#8243; background_size=&#8220;initial&#8220; background_position=&#8220;top_left&#8220; background_repeat=&#8220;repeat&#8220; global_colors_info=&#8220;{}&#8220;][et_pb_column type=&#8220;4_4&#8243; _builder_version=&#8220;4.16&#8243; custom_padding=&#8220;|||&#8220; global_colors_info=&#8220;{}&#8220; custom_padding__hover=&#8220;|||&#8220;][et_pb_text _builder_version=&#8220;4.27.5&#8243; background_size=&#8220;initial&#8220; background_position=&#8220;top_left&#8220; background_repeat=&#8220;repeat&#8220; hover_enabled=&#8220;0&#8243; global_colors_info=&#8220;{}&#8220; sticky_enabled=&#8220;0&#8243;]<\/p>\n<h1>Datenschutz\u00aderkl\u00e4rung<\/h1>\n<h2>1. Datenschutz auf einen Blick<\/h2>\n<h3>Allgemeine Hinweise<\/h3>\n<p>Die folgenden Hinweise geben einen einfachen \u00dcberblick dar\u00fcber, was mit Ihren personenbezogenen Daten passiert, wenn Sie diese Website besuchen. Personenbezogene Daten sind alle Daten, mit denen Sie pers\u00f6nlich identifiziert werden k\u00f6nnen. Ausf\u00fchrliche Informationen zum Thema Datenschutz entnehmen Sie unserer unter diesem Text aufgef\u00fchrten Datenschutzerkl\u00e4rung.<\/p>\n<h3>Datenerfassung auf dieser Website<\/h3>\n<h4>Wer ist verantwortlich f\u00fcr die Datenerfassung auf dieser Website?<\/h4>\n<p>Die Datenverarbeitung auf dieser Website erfolgt durch den Websitebetreiber. Dessen Kontaktdaten k\u00f6nnen Sie dem Abschnitt \u201eHinweis zur Verantwortlichen Stelle\u201c in dieser Datenschutzerkl\u00e4rung entnehmen.<\/p>\n<h4>Wie erfassen wir Ihre Daten?<\/h4>\n<p>Ihre Daten werden zum einen dadurch erhoben, dass Sie uns diese mitteilen. Hierbei kann es sich z.\u00a0B. um Daten handeln, die Sie in ein Kontaktformular eingeben.<\/p>\n<p>Andere Daten werden automatisch oder nach Ihrer Einwilligung beim Besuch der Website durch unsere IT-Systeme erfasst. Das sind vor allem technische Daten (z.\u00a0B. Internetbrowser, Betriebssystem oder Uhrzeit des Seitenaufrufs). Die Erfassung dieser Daten erfolgt automatisch, sobald Sie diese Website betreten.<\/p>\n<h4>Wof\u00fcr nutzen wir Ihre Daten?<\/h4>\n<p>Ein Teil der Daten wird erhoben, um eine fehlerfreie Bereitstellung der Website zu gew\u00e4hrleisten. Andere Daten k\u00f6nnen zur Analyse Ihres Nutzerverhaltens verwendet werden.<\/p>\n<h4>Welche Rechte haben Sie bez\u00fcglich Ihrer Daten?<\/h4>\n<p>Sie haben jederzeit das Recht, unentgeltlich Auskunft \u00fcber Herkunft, Empf\u00e4nger und Zweck Ihrer gespeicherten personenbezogenen Daten zu erhalten. Sie haben au\u00dferdem ein Recht, die Berichtigung oder L\u00f6schung dieser Daten zu verlangen. Wenn Sie eine Einwilligung zur Datenverarbeitung erteilt haben, k\u00f6nnen Sie diese Einwilligung jederzeit f\u00fcr die Zukunft widerrufen. Au\u00dferdem haben Sie das Recht, unter bestimmten Umst\u00e4nden die Einschr\u00e4nkung der Verarbeitung Ihrer personenbezogenen Daten zu verlangen. Des Weiteren steht Ihnen ein Beschwerderecht bei der zust\u00e4ndigen Aufsichtsbeh\u00f6rde zu.<\/p>\n<p>Hierzu sowie zu weiteren Fragen zum Thema Datenschutz k\u00f6nnen Sie sich jederzeit an uns wenden.<\/p>\n<h2>2. Hosting und Content Delivery Networks (CDN)<\/h2>\n<h3>Externes Hosting<\/h3>\n<p>Diese Website wird bei einem externen Dienstleister gehostet (Hoster). Die personenbezogenen Daten, die auf dieser Website erfasst werden, werden auf den Servern des Hosters gespeichert. Hierbei kann es sich v. a. um IP-Adressen, Kontaktanfragen, Meta- und Kommunikationsdaten, Vertragsdaten, Kontaktdaten, Namen, Websitezugriffe und sonstige Daten, die \u00fcber eine Website generiert werden, handeln.<\/p>\n<p>Der Einsatz des Hosters erfolgt zum Zwecke der Vertragserf\u00fcllung gegen\u00fcber unseren potenziellen und bestehenden Kunden (Art. 6 Abs. 1 lit. b DSGVO) und im Interesse einer sicheren, schnellen und effizienten Bereitstellung unseres Online-Angebots durch einen professionellen Anbieter (Art. 6 Abs. 1 lit. f DSGVO).<\/p>\n<p>Unser Hoster wird Ihre Daten nur insoweit verarbeiten, wie dies zur Erf\u00fcllung seiner Leistungspflichten erforderlich ist und unsere Weisungen in Bezug auf diese Daten befolgen.<\/p>\n<p>Wir setzen folgenden Hoster ein:<\/p>\n<p>ALL-INKL.COM | Hauptstra\u00dfe 68 | D-02742 Friedersdorf | Fon +49 35872 353-10 | Fax +49 35872 353-30<\/p>\n<h4>Abschluss eines Vertrages \u00fcber Auftragsverarbeitung<\/h4>\n<p>Um die datenschutzkonforme Verarbeitung zu gew\u00e4hrleisten, haben wir einen Vertrag \u00fcber Auftragsverarbeitung mit unserem Hoster geschlossen.<\/p>\n<h2>3. Allgemeine Hinweise und Pflicht\u00adinformationen<\/h2>\n<h3>Datenschutz<\/h3>\n<p>Die Betreiber dieser Seiten nehmen den Schutz Ihrer pers\u00f6nlichen Daten sehr ernst. Wir behandeln Ihre personenbezogenen Daten vertraulich und entsprechend der gesetzlichen Datenschutzvorschriften sowie dieser Datenschutzerkl\u00e4rung.<\/p>\n<p>Wenn Sie diese Website benutzen, werden verschiedene personenbezogene Daten erhoben. Personenbezogene Daten sind Daten, mit denen Sie pers\u00f6nlich identifiziert werden k\u00f6nnen. Die vorliegende Datenschutzerkl\u00e4rung erl\u00e4utert, welche Daten wir erheben und wof\u00fcr wir sie nutzen. Sie erl\u00e4utert auch, wie und zu welchem Zweck das geschieht.<\/p>\n<p>Wir weisen darauf hin, dass die Daten\u00fcbertragung im Internet (z.\u00a0B. bei der Kommunikation per E-Mail) Sicherheitsl\u00fccken aufweisen kann. Ein l\u00fcckenloser Schutz der Daten vor dem Zugriff durch Dritte ist nicht m\u00f6glich.<\/p>\n<h3>Hinweis zur verantwortlichen Stelle<\/h3>\n<p>Die verantwortliche Stelle f\u00fcr die Datenverarbeitung auf dieser Website ist:<\/p>\n<p>Annette Schaer<\/p>\n<p>Telefon: 04331 300 130<br \/>E-Mail: info@hoergalerie-am-markt.de<\/p>\n<p>Verantwortliche Stelle ist die nat\u00fcrliche oder juristische Person, die allein oder gemeinsam mit anderen \u00fcber die Zwecke und Mittel der Verarbeitung von personenbezogenen Daten (z.\u00a0B. Namen, E-Mail-Adressen o. \u00c4.) entscheidet.<\/p>\n<h3>Speicherdauer<\/h3>\n<p>Soweit innerhalb dieser Datenschutzerkl\u00e4rung keine speziellere Speicherdauer genannt wurde, verbleiben Ihre personenbezogenen Daten bei uns, bis der Zweck f\u00fcr die Datenverarbeitung entf\u00e4llt. Wenn Sie ein berechtigtes L\u00f6schersuchen geltend machen oder eine Einwilligung zur Datenverarbeitung widerrufen, werden Ihre Daten gel\u00f6scht, sofern wir keinen anderen rechtlich zul\u00e4ssigen\u00a0 Gr\u00fcnde f\u00fcr die Speicherung Ihrer personenbezogenen Daten haben (z.B. steuer- oder handelsrechtliche Aufbewahrungsfristen); im letztgenannten Fall erfolgt die L\u00f6schung nach Fortfall dieser Gr\u00fcnde.<\/p>\n<h3>Widerruf Ihrer Einwilligung zur Datenverarbeitung<\/h3>\n<p>Viele Datenverarbeitungsvorg\u00e4nge sind nur mit Ihrer ausdr\u00fccklichen Einwilligung m\u00f6glich. Sie k\u00f6nnen eine bereits erteilte Einwilligung jederzeit widerrufen. Die Rechtm\u00e4\u00dfigkeit der bis zum Widerruf erfolgten Datenverarbeitung bleibt vom Widerruf unber\u00fchrt.<\/p>\n<h3>Widerspruchsrecht gegen die Datenerhebung in besonderen F\u00e4llen sowie gegen Direktwerbung (Art. 21 DSGVO)<\/h3>\n<p>WENN DIE DATENVERARBEITUNG AUF GRUNDLAGE VON ART. 6 ABS. 1 LIT. E ODER F DSGVO ERFOLGT, HABEN SIE JEDERZEIT DAS RECHT, AUS GR\u00dcNDEN, DIE SICH AUS IHRER BESONDEREN SITUATION ERGEBEN, GEGEN DIE VERARBEITUNG IHRER PERSONENBEZOGENEN DATEN WIDERSPRUCH EINZULEGEN; DIES GILT AUCH F\u00dcR EIN AUF DIESE BESTIMMUNGEN GEST\u00dcTZTES PROFILING. DIE JEWEILIGE RECHTSGRUNDLAGE, AUF DENEN EINE VERARBEITUNG BERUHT, ENTNEHMEN SIE DIESER DATENSCHUTZERKL\u00c4RUNG. WENN SIE WIDERSPRUCH EINLEGEN, WERDEN WIR IHRE BETROFFENEN PERSONENBEZOGENEN DATEN NICHT MEHR VERARBEITEN, ES SEI DENN, WIR K\u00d6NNEN ZWINGENDE SCHUTZW\u00dcRDIGE GR\u00dcNDE F\u00dcR DIE VERARBEITUNG NACHWEISEN, DIE IHRE INTERESSEN, RECHTE UND FREIHEITEN \u00dcBERWIEGEN ODER DIE VERARBEITUNG DIENT DER GELTENDMACHUNG, AUS\u00dcBUNG ODER VERTEIDIGUNG VON RECHTSANSPR\u00dcCHEN (WIDERSPRUCH NACH ART. 21 ABS. 1 DSGVO).<\/p>\n<p>WERDEN IHRE PERSONENBEZOGENEN DATEN VERARBEITET, UM DIREKTWERBUNG ZU BETREIBEN, SO HABEN SIE DAS RECHT, JEDERZEIT WIDERSPRUCH GEGEN DIE VERARBEITUNG SIE BETREFFENDER PERSONENBEZOGENER DATEN ZUM ZWECKE DERARTIGER WERBUNG EINZULEGEN; DIES GILT AUCH F\u00dcR DAS PROFILING, SOWEIT ES MIT SOLCHER DIREKTWERBUNG IN VERBINDUNG STEHT. WENN SIE WIDERSPRECHEN, WERDEN IHRE PERSONENBEZOGENEN DATEN ANSCHLIESSEND NICHT MEHR ZUM ZWECKE DER DIREKTWERBUNG VERWENDET (WIDERSPRUCH NACH ART. 21 ABS. 2 DSGVO).<\/p>\n<h3>Beschwerde\u00adrecht bei der zust\u00e4ndigen Aufsichts\u00adbeh\u00f6rde<\/h3>\n<p>Im Falle von Verst\u00f6\u00dfen gegen die DSGVO steht den Betroffenen ein Beschwerderecht bei einer Aufsichtsbeh\u00f6rde, insbesondere in dem Mitgliedstaat ihres gew\u00f6hnlichen Aufenthalts, ihres Arbeitsplatzes oder des Orts des mutma\u00dflichen Versto\u00dfes zu. Das Beschwerderecht besteht unbeschadet anderweitiger verwaltungsrechtlicher oder gerichtlicher Rechtsbehelfe.<\/p>\n<h3>Recht auf Daten\u00ad\u00fcbertrag\u00adbarkeit<\/h3>\n<p>Sie haben das Recht, Daten, die wir auf Grundlage Ihrer Einwilligung oder in Erf\u00fcllung eines Vertrags automatisiert verarbeiten, an sich oder an einen Dritten in einem g\u00e4ngigen, maschinenlesbaren Format aush\u00e4ndigen zu lassen. Sofern Sie die direkte \u00dcbertragung der Daten an einen anderen Verantwortlichen verlangen, erfolgt dies nur, soweit es technisch machbar ist.<\/p>\n<h3>SSL- bzw. TLS-Verschl\u00fcsselung<\/h3>\n<p>Diese Seite nutzt aus Sicherheitsgr\u00fcnden und zum Schutz der \u00dcbertragung vertraulicher Inhalte, wie zum Beispiel Bestellungen oder Anfragen, die Sie an uns als Seitenbetreiber senden, eine SSL- bzw. TLS-Verschl\u00fcsselung. Eine verschl\u00fcsselte Verbindung erkennen Sie daran, dass die Adresszeile des Browsers von \u201ehttp:\/\/\u201c auf \u201ehttps:\/\/\u201c wechselt und an dem Schloss-Symbol in Ihrer Browserzeile.<\/p>\n<p>Wenn die SSL- bzw. TLS-Verschl\u00fcsselung aktiviert ist, k\u00f6nnen die Daten, die Sie an uns \u00fcbermitteln, nicht von Dritten mitgelesen werden.<\/p>\n<h3>Auskunft, L\u00f6schung und Berichtigung<\/h3>\n<p>Sie haben im Rahmen der geltenden gesetzlichen Bestimmungen jederzeit das Recht auf unentgeltliche Auskunft \u00fcber Ihre gespeicherten personenbezogenen Daten, deren Herkunft und Empf\u00e4nger und den Zweck der Datenverarbeitung und ggf. ein Recht auf Berichtigung oder L\u00f6schung dieser Daten. Hierzu sowie zu weiteren Fragen zum Thema personenbezogene Daten k\u00f6nnen Sie sich jederzeit an uns wenden.<\/p>\n<h3>Recht auf Einschr\u00e4nkung der Verarbeitung<\/h3>\n<p>Sie haben das Recht, die Einschr\u00e4nkung der Verarbeitung Ihrer personenbezogenen Daten zu verlangen. Hierzu k\u00f6nnen Sie sich jederzeit an uns wenden. Das Recht auf Einschr\u00e4nkung der Verarbeitung besteht in folgenden F\u00e4llen:<\/p>\n<ul>\n<li>Wenn Sie die Richtigkeit Ihrer bei uns gespeicherten personenbezogenen Daten bestreiten, ben\u00f6tigen wir in der Regel Zeit, um dies zu \u00fcberpr\u00fcfen. F\u00fcr die Dauer der Pr\u00fcfung haben Sie das Recht, die Einschr\u00e4nkung der Verarbeitung Ihrer personenbezogenen Daten zu verlangen.<\/li>\n<li>Wenn die Verarbeitung Ihrer personenbezogenen Daten unrechtm\u00e4\u00dfig geschah\/geschieht, k\u00f6nnen Sie statt der L\u00f6schung die Einschr\u00e4nkung der Datenverarbeitung verlangen.<\/li>\n<li>Wenn wir Ihre personenbezogenen Daten nicht mehr ben\u00f6tigen, Sie sie jedoch zur Aus\u00fcbung, Verteidigung oder Geltendmachung von Rechtsanspr\u00fcchen ben\u00f6tigen, haben Sie das Recht, statt der L\u00f6schung die Einschr\u00e4nkung der Verarbeitung Ihrer personenbezogenen Daten zu verlangen.<\/li>\n<li>Wenn Sie einen Widerspruch nach Art. 21 Abs. 1 DSGVO eingelegt haben, muss eine Abw\u00e4gung zwischen Ihren und unseren Interessen vorgenommen werden. Solange noch nicht feststeht, wessen Interessen \u00fcberwiegen, haben Sie das Recht, die Einschr\u00e4nkung der Verarbeitung Ihrer personenbezogenen Daten zu verlangen.<\/li>\n<\/ul>\n<p>Wenn Sie die Verarbeitung Ihrer personenbezogenen Daten eingeschr\u00e4nkt haben, d\u00fcrfen diese Daten \u2013 von ihrer Speicherung abgesehen \u2013 nur mit Ihrer Einwilligung oder zur Geltendmachung, Aus\u00fcbung oder Verteidigung von Rechtsanspr\u00fcchen oder zum Schutz der Rechte einer anderen nat\u00fcrlichen oder juristischen Person oder aus Gr\u00fcnden eines wichtigen \u00f6ffentlichen Interesses der Europ\u00e4ischen Union oder eines Mitgliedstaats verarbeitet werden.<\/p>\n<h2>4. Datenerfassung auf dieser Website<\/h2>\n<h3>Cookies<\/h3>\n<p>Unsere Internetseiten verwenden so genannte \u201eCookies\u201c. Cookies sind kleine Textdateien und richten auf Ihrem Endger\u00e4t keinen Schaden an. Sie werden entweder vor\u00fcbergehend f\u00fcr die Dauer einer Sitzung (Session-Cookies) oder dauerhaft (permanente Cookies) auf Ihrem Endger\u00e4t gespeichert. Session-Cookies werden nach Ende Ihres Besuchs automatisch gel\u00f6scht. Permanente Cookies bleiben auf Ihrem Endger\u00e4t gespeichert, bis Sie diese selbst l\u00f6schen\u00a0oder eine automatische L\u00f6schung durch Ihren Webbrowser erfolgt.<\/p>\n<p>Teilweise k\u00f6nnen auch Cookies von Drittunternehmen auf Ihrem Endger\u00e4t gespeichert werden, wenn Sie unsere Seite betreten (Third-Party-Cookies). Diese erm\u00f6glichen uns oder Ihnen die Nutzung bestimmter Dienstleistungen des Drittunternehmens (z.B. Cookies zur Abwicklung von Zahlungsdienstleistungen).<\/p>\n<p>Cookies haben verschiedene Funktionen. Zahlreiche Cookies sind technisch notwendig, da bestimmte Websitefunktionen ohne diese nicht funktionieren w\u00fcrden (z.B. die Warenkorbfunktion oder die Anzeige von Videos). Andere Cookies dienen dazu, das Nutzerverhalten auszuwerten\u00a0oder Werbung anzuzeigen.<\/p>\n<p>Cookies, die zur Durchf\u00fchrung des elektronischen Kommunikationsvorgangs (notwendige Cookies) oder zur Bereitstellung bestimmter, von Ihnen erw\u00fcnschter Funktionen (funktionale Cookies, z. B. f\u00fcr die Warenkorbfunktion) oder zur Optimierung der Website (z.B. Cookies zur Messung des Webpublikums) erforderlich sind, werden auf Grundlage von Art. 6 Abs. 1 lit. f DSGVO gespeichert, sofern keine andere Rechtsgrundlage angegeben wird. Der Websitebetreiber hat ein berechtigtes Interesse an der Speicherung von Cookies zur technisch fehlerfreien und optimierten Bereitstellung seiner Dienste. Sofern eine Einwilligung zur Speicherung von Cookies abgefragt wurde, erfolgt die Speicherung der betreffenden Cookies ausschlie\u00dflich auf Grundlage dieser Einwilligung (Art. 6 Abs. 1 lit. a DSGVO); die Einwilligung ist jederzeit widerrufbar.<\/p>\n<p>Sie k\u00f6nnen Ihren Browser so einstellen, dass Sie \u00fcber das Setzen von Cookies informiert werden und Cookies nur im Einzelfall erlauben, die Annahme von Cookies f\u00fcr bestimmte F\u00e4lle oder generell ausschlie\u00dfen sowie das automatische L\u00f6schen der Cookies beim Schlie\u00dfen des Browsers aktivieren. Bei der Deaktivierung von Cookies kann die Funktionalit\u00e4t dieser Website eingeschr\u00e4nkt sein.<\/p>\n<p>Soweit Cookies von Drittunternehmen oder zu Analysezwecken eingesetzt werden, werden wir Sie hier\u00fcber im Rahmen dieser Datenschutzerkl\u00e4rung gesondert informieren und ggf. eine Einwilligung abfragen.<\/p>\n<h3>Cookie-Einwilligung mit Usercentrics<\/h3>\n<p>Diese Website nutzt die Cookie-Consent-Technologie von Usercentrics, um Ihre Einwilligung zur Speicherung bestimmter Cookies auf Ihrem Endger\u00e4t oder zum Einsatz bestimmter Technologien einzuholen und diese datenschutzkonform zu dokumentieren. Anbieter dieser Technologie ist die Usercentrics GmbH, Rosental 4, 80331 M\u00fcnchen, Website: <a href=\"https:\/\/usercentrics.com\/de\/\" target=\"_blank\" rel=\"noopener noreferrer\">https:\/\/usercentrics.com\/de\/<\/a> (im Folgenden \u201eUsercentrics\u201c).<\/p>\n<p>Wenn Sie unsere Website betreten, werden folgende personenbezogene Daten an Usercentrics \u00fcbertragen:<\/p>\n<ul>\n<li>Ihre Einwilligung(en) bzw. der Widerruf Ihrer Einwilligung(en)<\/li>\n<li>Ihre IP-Adresse<\/li>\n<li>Informationen \u00fcber Ihren Browser<\/li>\n<li>Informationen \u00fcber Ihr Endger\u00e4t<\/li>\n<li>Zeitpunkt Ihres Besuchs auf der Website<\/li>\n<\/ul>\n<p>Des Weiteren speichert Usercentrics ein Cookie in Ihrem Browser, um Ihnen die erteilten Einwilligungen bzw. deren Widerruf zuordnen zu k\u00f6nnen. Die so erfassten Daten werden gespeichert, bis Sie uns zur L\u00f6schung auffordern, das Usercentrics-Cookie selbst l\u00f6schen oder der Zweck f\u00fcr die Datenspeicherung entf\u00e4llt. Zwingende gesetzliche Aufbewahrungspflichten bleiben unber\u00fchrt.<\/p>\n<p>Der Einsatz von Usercentrics erfolgt, um die gesetzlich vorgeschriebenen Einwilligungen f\u00fcr den Einsatz bestimmter Technologien einzuholen. Rechtsgrundlage hierf\u00fcr ist Art. 6 Abs. 1 S. 1 lit. c DSGVO.<\/p>\n<h4>Vertrag \u00fcber Auftragsverarbeitung<\/h4>\n<p>Wir haben einen Vertrag \u00fcber Auftragsverarbeitung mit Usercentrics geschlossen. Hierbei handelt es sich um einen datenschutzrechtlich vorgeschriebenen Vertrag, der gew\u00e4hrleistet, dass Usercentrics die personenbezogenen Daten unserer Websitebesucher nur nach unseren Weisungen und unter Einhaltung der DSGVO verarbeitet.<\/p>\n<h2>5. Google Kalender Terminvereinbarung<\/h2>\n<p>Auf unserer Website nutzen wir den Dienst \u201eGoogle Kalender Terminplanung\u201c zur Online-Vereinbarung von Beratungsterminen. Dienstanbieter ist die Google Ireland Limited, Gordon House, Barrow Street, Dublin 4, Irland.<\/p>\n<p>Wenn Sie die Terminbuchungsfunktion aufrufen, wird eine Verbindung zu den Servern von Google hergestellt. Dabei wird Google unter anderem Ihre IP-Adresse sowie technische Protokolldaten \u00fcbermittelt. Geben Sie im Buchungsformular Daten ein (z. B. Name, Telefonnummer, E-Mail-Adresse), werden diese ebenfalls auf den Servern von Google gespeichert.<\/p>\n<p>Rechtsgrundlage: Die Nutzung dieses Dienstes erfolgt im Interesse einer einfachen und effizienten Terminverwaltung. Die Verarbeitung Ihrer Daten erfolgt auf Grundlage von Art. 6 Abs. 1 lit. b DSGVO (Erf\u00fcllung eines Vertrags oder vorvertraglicher Ma\u00dfnahmen), da die Nutzung der Funktion dazu dient, einen Termin f\u00fcr unsere Dienstleistungen mit Ihnen zu vereinbaren.<\/p>\n<p>Daten\u00fcbertragung in die USA: Wir weisen darauf hin, dass Daten auch an Server der Google LLC in den USA \u00fcbertragen werden k\u00f6nnen. Google ist nach dem \u201eEU-US Data Privacy Framework\u201c (DPF) zertifiziert. Das DPF ist ein \u00dcbereinkommen zwischen der Europ\u00e4ischen Union und den USA, das die Einhaltung europ\u00e4ischer Datenschutzstandards bei Datenverarbeitungen in den USA gew\u00e4hrleisten soll. Jedes nach dem DPF zertifizierte Unternehmen verpflichtet sich, diese Datenschutzstandards einzuhalten.<\/p>\n<p>Auftragsverarbeitung: Wir haben mit dem Anbieter einen Vertrag zur Auftragsverarbeitung (AVV) abgeschlossen. Hierbei handelt es sich um einen datenschutzrechtlich vorgeschriebenen Vertrag, der gew\u00e4hrleistet, dass dieser die personenbezogenen Daten unserer Websitebesucher nur nach unseren Weisungen und unter Einhaltung der DSGVO verarbeitet.<\/p>\n<p>Weitere Informationen zum Umgang mit Nutzerdaten finden Sie in der Datenschutzerkl\u00e4rung von Google: <a href=\"https:\/\/policies.google.com\/privacy?hl=de\">https:\/\/policies.google.com\/privacy?hl=de<\/a>.<\/p>\n<p>[\/et_pb_text][\/et_pb_column][\/et_pb_row][et_pb_row _builder_version=&#8220;4.16&#8243; background_size=&#8220;initial&#8220; background_position=&#8220;top_left&#8220; background_repeat=&#8220;repeat&#8220; global_colors_info=&#8220;{}&#8220;][et_pb_column type=&#8220;4_4&#8243; _builder_version=&#8220;4.16&#8243; _module_preset=&#8220;default&#8220; global_colors_info=&#8220;{}&#8220;][et_pb_button button_url=&#8220;https:\/\/hoergalerie-am-markt.de&#8220; button_text=&#8220;Zur Startseite&#8220; _builder_version=&#8220;4.16&#8243; _module_preset=&#8220;default&#8220; custom_button=&#8220;on&#8220; button_border_width=&#8220;0px&#8220; global_colors_info=&#8220;{}&#8220;][\/et_pb_button][\/et_pb_column][\/et_pb_row][\/et_pb_section]<\/p>\n","protected":false},"excerpt":{"rendered":"<p>Datenschutz\u00aderkl\u00e4rung 1. Datenschutz auf einen Blick Allgemeine Hinweise Die folgenden Hinweise geben einen einfachen \u00dcberblick dar\u00fcber, was mit Ihren personenbezogenen Daten passiert, wenn Sie diese Website besuchen. Personenbezogene Daten sind alle Daten, mit denen Sie pers\u00f6nlich identifiziert werden k\u00f6nnen. Ausf\u00fchrliche Informationen zum Thema Datenschutz entnehmen Sie unserer unter diesem Text aufgef\u00fchrten Datenschutzerkl\u00e4rung. Datenerfassung auf dieser [&hellip;]<\/p>\n","protected":false},"author":1,"featured_media":0,"parent":0,"menu_order":0,"comment_status":"closed","ping_status":"closed","template":"","meta":{"_et_pb_use_builder":"on","_et_pb_old_content":"<!-- wp:heading -->\r\n<h2>Who we are<\/h2>\r\n<!-- \/wp:heading --><!-- wp:paragraph -->\r\n<p>Our website address is: http:\/\/hoergalerie-am-markt.de.<\/p>\r\n<!-- \/wp:paragraph --><!-- wp:heading -->\r\n<h2>What personal data we collect and why we collect it<\/h2>\r\n<!-- \/wp:heading --><!-- wp:heading {\"level\":3} -->\r\n<h3>Comments<\/h3>\r\n<!-- \/wp:heading --><!-- wp:paragraph -->\r\n<p>When visitors leave comments on the site we collect the data shown in the comments form, and also the visitor\u2019s IP address and browser user agent string to help spam detection.<\/p>\r\n<!-- \/wp:paragraph --><!-- wp:paragraph -->\r\n<p>An anonymized string created from your email address (also called a hash) may be provided to the Gravatar service to see if you are using it. The Gravatar service privacy policy is available here: https:\/\/automattic.com\/privacy\/. After approval of your comment, your profile picture is visible to the public in the context of your comment.<\/p>\r\n<!-- \/wp:paragraph --><!-- wp:heading {\"level\":3} -->\r\n<h3>Media<\/h3>\r\n<!-- \/wp:heading --><!-- wp:paragraph -->\r\n<p>If you upload images to the website, you should avoid uploading images with embedded location data (EXIF GPS) included. Visitors to the website can download and extract any location data from images on the website.<\/p>\r\n<!-- \/wp:paragraph --><!-- wp:heading {\"level\":3} -->\r\n<h3>Contact forms<\/h3>\r\n<!-- \/wp:heading --><!-- wp:heading {\"level\":3} -->\r\n<h3>Cookies<\/h3>\r\n<!-- \/wp:heading --><!-- wp:paragraph -->\r\n<p>If you leave a comment on our site you may opt-in to saving your name, email address and website in cookies. These are for your convenience so that you do not have to fill in your details again when you leave another comment. These cookies will last for one year.<\/p>\r\n<!-- \/wp:paragraph --><!-- wp:paragraph -->\r\n<p>If you visit our login page, we will set a temporary cookie to determine if your browser accepts cookies. This cookie contains no personal data and is discarded when you close your browser.<\/p>\r\n<!-- \/wp:paragraph --><!-- wp:paragraph -->\r\n<p>When you log in, we will also set up several cookies to save your login information and your screen display choices. Login cookies last for two days, and screen options cookies last for a year. If you select \"Remember Me\", your login will persist for two weeks. If you log out of your account, the login cookies will be removed.<\/p>\r\n<!-- \/wp:paragraph --><!-- wp:paragraph -->\r\n<p>If you edit or publish an article, an additional cookie will be saved in your browser. This cookie includes no personal data and simply indicates the post ID of the article you just edited. It expires after 1 day.<\/p>\r\n<!-- \/wp:paragraph --><!-- wp:heading {\"level\":3} -->\r\n<h3>Embedded content from other websites<\/h3>\r\n<!-- \/wp:heading --><!-- wp:paragraph -->\r\n<p>Articles on this site may include embedded content (e.g. videos, images, articles, etc.). Embedded content from other websites behaves in the exact same way as if the visitor has visited the other website.<\/p>\r\n<!-- \/wp:paragraph --><!-- wp:paragraph -->\r\n<p>These websites may collect data about you, use cookies, embed additional third-party tracking, and monitor your interaction with that embedded content, including tracking your interaction with the embedded content if you have an account and are logged in to that website.<\/p>\r\n<!-- \/wp:paragraph --><!-- wp:heading {\"level\":3} -->\r\n<h3>Analytics<\/h3>\r\n<!-- \/wp:heading --><!-- wp:heading -->\r\n<h2>Who we share your data with<\/h2>\r\n<!-- \/wp:heading --><!-- wp:heading -->\r\n<h2>How long we retain your data<\/h2>\r\n<!-- \/wp:heading --><!-- wp:paragraph -->\r\n<p>If you leave a comment, the comment and its metadata are retained indefinitely. This is so we can recognize and approve any follow-up comments automatically instead of holding them in a moderation queue.<\/p>\r\n<!-- \/wp:paragraph --><!-- wp:paragraph -->\r\n<p>For users that register on our website (if any), we also store the personal information they provide in their user profile. All users can see, edit, or delete their personal information at any time (except they cannot change their username). Website administrators can also see and edit that information.<\/p>\r\n<!-- \/wp:paragraph --><!-- wp:heading -->\r\n<h2>What rights you have over your data<\/h2>\r\n<!-- \/wp:heading --><!-- wp:paragraph -->\r\n<p>If you have an account on this site, or have left comments, you can request to receive an exported file of the personal data we hold about you, including any data you have provided to us. You can also request that we erase any personal data we hold about you. This does not include any data we are obliged to keep for administrative, legal, or security purposes.<\/p>\r\n<!-- \/wp:paragraph --><!-- wp:heading -->\r\n<h2>Where we send your data<\/h2>\r\n<!-- \/wp:heading --><!-- wp:paragraph -->\r\n<p>Visitor comments may be checked through an automated spam detection service.<\/p>\r\n<!-- \/wp:paragraph --><!-- wp:heading -->\r\n<h2>Your contact information<\/h2>\r\n<!-- \/wp:heading --><!-- wp:heading -->\r\n<h2>Additional information<\/h2>\r\n<!-- \/wp:heading --><!-- wp:heading {\"level\":3} -->\r\n<h3>How we protect your data<\/h3>\r\n<!-- \/wp:heading --><!-- wp:heading {\"level\":3} -->\r\n<h3>What data breach procedures we have in place<\/h3>\r\n<!-- \/wp:heading --><!-- wp:heading {\"level\":3} -->\r\n<h3>What third parties we receive data from<\/h3>\r\n<!-- \/wp:heading --><!-- wp:heading {\"level\":3} -->\r\n<h3>What automated decision making and\/or profiling we do with user data<\/h3>\r\n<!-- \/wp:heading --><!-- wp:heading {\"level\":3} -->\r\n<h3>Industry regulatory disclosure requirements<\/h3>\r\n<!-- \/wp:heading -->","_et_gb_content_width":"","footnotes":""},"class_list":["post-3","page","type-page","status-publish","hentry"],"_links":{"self":[{"href":"https:\/\/hoergalerie-am-markt.de\/index.php?rest_route=\/wp\/v2\/pages\/3","targetHints":{"allow":["GET"]}}],"collection":[{"href":"https:\/\/hoergalerie-am-markt.de\/index.php?rest_route=\/wp\/v2\/pages"}],"about":[{"href":"https:\/\/hoergalerie-am-markt.de\/index.php?rest_route=\/wp\/v2\/types\/page"}],"author":[{"embeddable":true,"href":"https:\/\/hoergalerie-am-markt.de\/index.php?rest_route=\/wp\/v2\/users\/1"}],"replies":[{"embeddable":true,"href":"https:\/\/hoergalerie-am-markt.de\/index.php?rest_route=%2Fwp%2Fv2%2Fcomments&post=3"}],"version-history":[{"count":6,"href":"https:\/\/hoergalerie-am-markt.de\/index.php?rest_route=\/wp\/v2\/pages\/3\/revisions"}],"predecessor-version":[{"id":281,"href":"https:\/\/hoergalerie-am-markt.de\/index.php?rest_route=\/wp\/v2\/pages\/3\/revisions\/281"}],"wp:attachment":[{"href":"https:\/\/hoergalerie-am-markt.de\/index.php?rest_route=%2Fwp%2Fv2%2Fmedia&parent=3"}],"curies":[{"name":"wp","href":"https:\/\/api.w.org\/{rel}","templated":true}]}}